{"id":9,"date":"2026-09-06T18:22:27","date_gmt":"2026-09-06T18:22:27","guid":{"rendered":"https:\/\/antalyaura.com\/?page_id=9"},"modified":"2026-09-06T19:08:09","modified_gmt":"2026-09-06T19:08:09","slug":"about","status":"publish","type":"page","link":"https:\/\/antalyaura.com\/?page_id=9","title":{"rendered":"Sizi Dinliyoruz"},"content":{"rendered":"\n<h2 id=\"inspiro-is-a-digital-product-agency-that-focuses-on-strategy-and-design\" class=\"wp-block-heading has-large-font-size\" style=\"font-style:normal;font-weight:100\"><strong>Hayalinizdeki g\u00fcn\u00fc, tarz\u0131n\u0131z\u0131, davetli say\u0131n\u0131z\u0131 ve \u00f6nceliklerinizi konu\u015fuyoruz.<\/strong><\/h2>\n\n\n\n<div style=\"height:100px\" aria-hidden=\"true\" class=\"wp-block-spacer\"><\/div>\n\n\n\n<div class=\"wp-block-columns alignwide is-layout-flex wp-container-core-columns-is-layout-0e47273b wp-block-columns-is-layout-flex\">\n<div class=\"wp-block-column is-layout-flow wp-block-column-is-layout-flow\">\n<figure class=\"wp-block-image size-large\"><img fetchpriority=\"high\" decoding=\"async\" width=\"1024\" height=\"683\" src=\"https:\/\/antalyaura.com\/wp-content\/uploads\/2026\/09\/10-ilk-dans-1024x683.png\" alt=\"\" class=\"wp-image-47\" srcset=\"https:\/\/antalyaura.com\/wp-content\/uploads\/2026\/09\/10-ilk-dans-1024x683.png 1024w, https:\/\/antalyaura.com\/wp-content\/uploads\/2026\/09\/10-ilk-dans-300x200.png 300w, https:\/\/antalyaura.com\/wp-content\/uploads\/2026\/09\/10-ilk-dans.png 1536w\" sizes=\"(max-width: 1024px) 100vw, 1024px\" \/><\/figure>\n\n\n\n<p class=\"has-black-color has-text-color has-medium-font-size wp-block-paragraph\">En \u00d6zel Anlar\u0131n\u0131zda<\/p>\n\n\n\n<p class=\"has-text-color wp-block-paragraph\" style=\"color:#7a7a7a\">Samimi aile bulu\u015fmalar\u0131ndan geni\u015f kat\u0131l\u0131ml\u0131 davetlere kadar ni\u015fan ve s\u00f6z g\u00fcn\u00fcn\u00fcz\u00fcn t\u00fcm detaylar\u0131n\u0131 \u00f6zenle tasarl\u0131yoruz. Arka fon, \u00e7i\u00e7ek, oturma alan\u0131, ikram masas\u0131 ve kar\u015f\u0131lama d\u00fczenini se\u00e7ti\u011finiz konsepte g\u00f6re uyarl\u0131yoruz.<\/p>\n<\/div>\n\n\n\n<div class=\"wp-block-column is-layout-flow wp-block-column-is-layout-flow\">\n<figure class=\"wp-block-image size-large\" style=\"margin-top:var(--wp--preset--spacing--small);margin-bottom:var(--wp--preset--spacing--small)\"><img decoding=\"async\" width=\"1024\" height=\"512\" src=\"https:\/\/antalyaura.com\/wp-content\/uploads\/2026\/09\/08-sahil-dugunu-1024x512.png\" alt=\"\" class=\"wp-image-45\" srcset=\"https:\/\/antalyaura.com\/wp-content\/uploads\/2026\/09\/08-sahil-dugunu-1024x512.png 1024w, https:\/\/antalyaura.com\/wp-content\/uploads\/2026\/09\/08-sahil-dugunu-300x150.png 300w, https:\/\/antalyaura.com\/wp-content\/uploads\/2026\/09\/08-sahil-dugunu.png 1774w\" sizes=\"(max-width: 1024px) 100vw, 1024px\" \/><\/figure>\n\n\n\n<p class=\"has-black-color has-text-color has-medium-font-size wp-block-paragraph\"><a href=\"#\">Vizyonumuz<\/a><\/p>\n\n\n\n<p class=\"has-text-color wp-block-paragraph\" style=\"color:#7a7a7a\">Antalya&#8217;n\u0131n deniz manzaras\u0131n\u0131 ve g\u00fcn bat\u0131m\u0131n\u0131 zarif detaylarla birle\u015ftiriyoruz. \u015eehir d\u0131\u015f\u0131ndan veya yurt d\u0131\u015f\u0131ndan gelen \u00e7iftler i\u00e7in mek\u00e2n, konsept ve davet ak\u0131\u015f\u0131n\u0131 b\u00fct\u00fcnc\u00fcl bi\u00e7imde planlayarak kusursuz bir Antalya deneyimi sunuyoruz.<\/p>\n<\/div>\n\n\n\n<div class=\"wp-block-column is-layout-flow wp-block-column-is-layout-flow\">\n<figure class=\"wp-block-image size-large\"><img decoding=\"async\" width=\"1024\" height=\"683\" src=\"https:\/\/antalyaura.com\/wp-content\/uploads\/2026\/09\/11-yuzuk-davetiye-detayi-1024x683.png\" alt=\"\" class=\"wp-image-48\" srcset=\"https:\/\/antalyaura.com\/wp-content\/uploads\/2026\/09\/11-yuzuk-davetiye-detayi-1024x683.png 1024w, https:\/\/antalyaura.com\/wp-content\/uploads\/2026\/09\/11-yuzuk-davetiye-detayi-300x200.png 300w, https:\/\/antalyaura.com\/wp-content\/uploads\/2026\/09\/11-yuzuk-davetiye-detayi.png 1536w\" sizes=\"(max-width: 1024px) 100vw, 1024px\" \/><\/figure>\n\n\n\n<p class=\"has-black-color has-text-color has-medium-font-size wp-block-paragraph\"><a href=\"#\">Servislerimiz<\/a><\/p>\n\n\n\n<p class=\"has-text-color wp-block-paragraph\" style=\"color:#7a7a7a\">Do\u011fum g\u00fcnleri, y\u0131ld\u00f6n\u00fcmleri, evlilik teklifleri ve \u00f6zel davetler i\u00e7in ki\u015fiye \u00f6zel konseptler haz\u0131rl\u0131yoruz. Pasta ve ikram masas\u0131ndan \u00e7i\u00e7eklere, dekoratif fonlardan foto\u011fraf k\u00f6\u015felerine kadar her ayr\u0131nt\u0131y\u0131 kutlaman\u0131n ruhuna g\u00f6re \u015fekillendiriyoruz.<\/p>\n<\/div>\n<\/div>\n\n\n\n<h3 id=\"inspiro-is-a-digital-product-agency-that-focuses-on-strategy-and-desig\" class=\"wp-block-heading has-large-font-size\" style=\"font-weight:300\">Showreel<\/h3>\n\n\n\n<figure class=\"wp-block-embed alignwide is-type-video is-provider-videopress wp-block-embed-videopress wp-embed-aspect-16-9 wp-has-aspect-ratio\"><div class=\"wp-block-embed__wrapper\">\n<iframe title=\"VideoPress Video Player\" aria-label=\"VideoPress Video Player\" width=\"950\" height=\"534\" src=\"https:\/\/video.wordpress.com\/embed\/bjvmxiQS?hd=0&amp;cover=1\" frameborder=\"0\" allowfullscreen allow=\"clipboard-write; presentation\"><\/iframe><script src='https:\/\/v0.wordpress.com\/js\/next\/videopress-iframe.js?m=1770107250'><\/script>\n<\/div><\/figure>\n\n\n\n<div style=\"height:100px\" aria-hidden=\"true\" class=\"wp-block-spacer\"><\/div>\n","protected":false},"excerpt":{"rendered":"<p>Hayalinizdeki g\u00fcn\u00fc, tarz\u0131n\u0131z\u0131, davetli say\u0131n\u0131z\u0131 ve \u00f6nceliklerinizi konu\u015fuyoruz. En \u00d6zel Anlar\u0131n\u0131zda Samimi aile bulu\u015fmalar\u0131ndan geni\u015f kat\u0131l\u0131ml\u0131 davetlere kadar ni\u015fan ve s\u00f6z g\u00fcn\u00fcn\u00fcz\u00fcn t\u00fcm detaylar\u0131n\u0131 \u00f6zenle tasarl\u0131yoruz. Arka fon, \u00e7i\u00e7ek, oturma alan\u0131, ikram masas\u0131 ve kar\u015f\u0131lama d\u00fczenini se\u00e7ti\u011finiz konsepte g\u00f6re uyarl\u0131yoruz. Vizyonumuz Antalya&#8217;n\u0131n deniz manzaras\u0131n\u0131 ve g\u00fcn bat\u0131m\u0131n\u0131 zarif detaylarla birle\u015ftiriyoruz. \u015eehir d\u0131\u015f\u0131ndan veya yurt d\u0131\u015f\u0131ndan &hellip; <\/p>\n<p class=\"link-more\"><a href=\"https:\/\/antalyaura.com\/?page_id=9\" class=\"more-link\"><span class=\"screen-reader-text\"> &#8220;Sizi Dinliyoruz&#8221;<\/span>devam\u0131n\u0131 oku<\/a><\/p>\n","protected":false},"author":1,"featured_media":6,"parent":0,"menu_order":0,"comment_status":"closed","ping_status":"closed","template":"","meta":{"inspiro_hide_title":false,"inspiro_hide_featured_image":false,"footnotes":""},"class_list":["post-9","page","type-page","status-publish","has-post-thumbnail","hentry"],"_links":{"self":[{"href":"https:\/\/antalyaura.com\/index.php?rest_route=\/wp\/v2\/pages\/9","targetHints":{"allow":["GET"]}}],"collection":[{"href":"https:\/\/antalyaura.com\/index.php?rest_route=\/wp\/v2\/pages"}],"about":[{"href":"https:\/\/antalyaura.com\/index.php?rest_route=\/wp\/v2\/types\/page"}],"author":[{"embeddable":true,"href":"https:\/\/antalyaura.com\/index.php?rest_route=\/wp\/v2\/users\/1"}],"replies":[{"embeddable":true,"href":"https:\/\/antalyaura.com\/index.php?rest_route=%2Fwp%2Fv2%2Fcomments&post=9"}],"version-history":[{"count":3,"href":"https:\/\/antalyaura.com\/index.php?rest_route=\/wp\/v2\/pages\/9\/revisions"}],"predecessor-version":[{"id":57,"href":"https:\/\/antalyaura.com\/index.php?rest_route=\/wp\/v2\/pages\/9\/revisions\/57"}],"wp:featuredmedia":[{"embeddable":true,"href":"https:\/\/antalyaura.com\/index.php?rest_route=\/wp\/v2\/media\/6"}],"wp:attachment":[{"href":"https:\/\/antalyaura.com\/index.php?rest_route=%2Fwp%2Fv2%2Fmedia&parent=9"}],"curies":[{"name":"wp","href":"https:\/\/api.w.org\/{rel}","templated":true}]}}